{"id":1610,"date":"2020-12-21T10:22:32","date_gmt":"2020-12-21T09:22:32","guid":{"rendered":"https:\/\/jmponcet.fr\/?page_id=1610"},"modified":"2026-03-26T16:02:34","modified_gmt":"2026-03-26T15:02:34","slug":"a-propos","status":"publish","type":"page","link":"https:\/\/jmponcet.fr\/a-propos\/","title":{"rendered":"A Propos"},"content":{"rendered":"\t\t<div data-elementor-type=\"wp-page\" data-elementor-id=\"1610\" class=\"elementor elementor-1610\" data-elementor-settings=\"[]\">\n\t\t\t\t\t\t<div class=\"elementor-inner\">\n\t\t\t\t\t\t\t<div class=\"elementor-section-wrap\">\n\t\t\t\t\t\t\t<section class=\"elementor-section elementor-top-section elementor-element elementor-element-583970e elementor-section-height-min-height elementor-section-stretched elementor-section-boxed elementor-section-height-default elementor-section-items-middle\" data-id=\"583970e\" data-element_type=\"section\" data-settings=\"{&quot;stretch_section&quot;:&quot;section-stretched&quot;,&quot;background_background&quot;:&quot;classic&quot;}\">\n\t\t\t\t\t\t\t<div class=\"elementor-background-overlay\"><\/div>\n\t\t\t\t\t\t\t<div class=\"elementor-container elementor-column-gap-default\">\n\t\t\t\t\t\t\t<div class=\"elementor-row\">\n\t\t\t\t\t<div class=\"elementor-column elementor-col-100 elementor-top-column elementor-element elementor-element-2c005b6b\" data-id=\"2c005b6b\" data-element_type=\"column\">\n\t\t\t<div class=\"elementor-column-wrap elementor-element-populated\">\n\t\t\t\t\t\t\t<div class=\"elementor-widget-wrap\">\n\t\t\t\t\t\t<div class=\"elementor-element elementor-element-6f9b1a82 elementor-widget elementor-widget-heading\" data-id=\"6f9b1a82\" data-element_type=\"widget\" data-widget_type=\"heading.default\">\n\t\t\t\t<div class=\"elementor-widget-container\">\n\t\t\t<span class=\"elementor-heading-title elementor-size-small\">Quelques mots \u00e0 propos...<\/span>\t\t<\/div>\n\t\t\t\t<\/div>\n\t\t\t\t\t\t<\/div>\n\t\t\t\t\t<\/div>\n\t\t<\/div>\n\t\t\t\t\t\t\t\t<\/div>\n\t\t\t\t\t<\/div>\n\t\t<\/section>\n\t\t\t\t<section class=\"elementor-section elementor-top-section elementor-element elementor-element-5d5359f4 elementor-section-stretched elementor-section-boxed elementor-section-height-default elementor-section-height-default\" data-id=\"5d5359f4\" data-element_type=\"section\" data-settings=\"{&quot;stretch_section&quot;:&quot;section-stretched&quot;,&quot;background_background&quot;:&quot;classic&quot;}\">\n\t\t\t\t\t\t<div class=\"elementor-container elementor-column-gap-default\">\n\t\t\t\t\t\t\t<div class=\"elementor-row\">\n\t\t\t\t\t<div class=\"elementor-column elementor-col-100 elementor-top-column elementor-element elementor-element-460d41f6\" data-id=\"460d41f6\" data-element_type=\"column\">\n\t\t\t<div class=\"elementor-column-wrap elementor-element-populated\">\n\t\t\t\t\t\t\t<div class=\"elementor-widget-wrap\">\n\t\t\t\t\t\t<div class=\"elementor-element elementor-element-2f29fafa elementor-widget elementor-widget-heading\" data-id=\"2f29fafa\" data-element_type=\"widget\" data-widget_type=\"heading.default\">\n\t\t\t\t<div class=\"elementor-widget-container\">\n\t\t\t<h1 class=\"elementor-heading-title elementor-size-default\">My motto : \"L\u2019homme est grand, non par ses buts, mais par ses transitions.\" (Ralph Waldo Emerson)<\/h1>\t\t<\/div>\n\t\t\t\t<\/div>\n\t\t\t\t<div class=\"elementor-element elementor-element-4fd248 elementor-widget elementor-widget-text-editor\" data-id=\"4fd248\" data-element_type=\"widget\" data-widget_type=\"text-editor.default\">\n\t\t\t\t<div class=\"elementor-widget-container\">\n\t\t\t\t\t\t\t\t<div class=\"elementor-text-editor elementor-clearfix\">\n\t\t\t\t<p><span>Sept pr\u00e9occupations cohabitent dans ma vie aujourd&#8217;hui : <\/span><span>la lecture et l&#8217;\u00e9criture, la <\/span><span>musique et le chant, <\/span><span>l\u2019accompagnement du deuil (sous plusieurs formes),<\/span><br \/><span>la moto (et le road-trip),<\/span><span> le sport (not. Qi Gong et Ping), <\/span><span>la famille (deux petits-enfants) et aussi <\/span><span>les amis (sans oublier J\u00e9sus-Christ) \ud83d\ude09<\/span><\/p><p><em><a href=\"https:\/\/www.youtube.com\/channel\/UCJBg30aOO0QhM85awNHUtLA\" target=\"_blank\" title=\"Les vid\u00e9o de JMP Le Coach-Motard\" rel=\"noopener\">Le Coach-Motard<\/a> pilote serr\u00e9 : prises d&#8217;angles verbales de second degr\u00e9, blagues 100% Dauphinoises AOC garanties, jeux de mots sans plomb, \u00e9tincelles \u00e0 injection \u00e9lectronique assist\u00e9e\u2026 A cause du fameux syndrome de Witzelsucht qui ne me quitte plus, j<\/em><em>e crains que ne s&#8217;am\u00e9liore la situation, aussi je me vois contraint d&#8217;implorer votre fraternel pardon.<\/em><\/p><p><em>\u00a9JMP LCM Le Coach Motard\u00ae\u00a0<\/em><\/p><div id=\"attachment_6270\" style=\"width: 310px\" class=\"wp-caption aligncenter\"><img decoding=\"async\" aria-describedby=\"caption-attachment-6270\" src=\"https:\/\/jmponcet.fr\/wp-content\/uploads\/2025\/02\/Une-Le-Blog-de-JMP-bd-300x187.png\" alt=\"\" width=\"300\" height=\"187\" class=\"size-medium wp-image-6270\" srcset=\"https:\/\/jmponcet.fr\/wp-content\/uploads\/2025\/02\/Une-Le-Blog-de-JMP-bd-300x187.png 300w, https:\/\/jmponcet.fr\/wp-content\/uploads\/2025\/02\/Une-Le-Blog-de-JMP-bd-768x478.png 768w, https:\/\/jmponcet.fr\/wp-content\/uploads\/2025\/02\/Une-Le-Blog-de-JMP-bd-500x311.png 500w, https:\/\/jmponcet.fr\/wp-content\/uploads\/2025\/02\/Une-Le-Blog-de-JMP-bd-600x373.png 600w, https:\/\/jmponcet.fr\/wp-content\/uploads\/2025\/02\/Une-Le-Blog-de-JMP-bd.png 1000w\" sizes=\"(max-width: 300px) 100vw, 300px\" \/><p id=\"caption-attachment-6270\" class=\"wp-caption-text\">292 Chroniques Terriennes depuis 18 ans sur AdC Le Blog de JMP&#8230;<\/p><\/div>\t\t\t\t\t<\/div>\n\t\t\t\t\t\t<\/div>\n\t\t\t\t<\/div>\n\t\t\t\t\t\t<\/div>\n\t\t\t\t\t<\/div>\n\t\t<\/div>\n\t\t\t\t\t\t\t\t<\/div>\n\t\t\t\t\t<\/div>\n\t\t<\/section>\n\t\t\t\t<section class=\"elementor-section elementor-top-section elementor-element elementor-element-107d664 elementor-section-boxed elementor-section-height-default elementor-section-height-default\" data-id=\"107d664\" data-element_type=\"section\">\n\t\t\t\t\t\t<div class=\"elementor-container elementor-column-gap-default\">\n\t\t\t\t\t\t\t<div class=\"elementor-row\">\n\t\t\t\t\t<div class=\"elementor-column elementor-col-100 elementor-top-column elementor-element elementor-element-fe11588\" data-id=\"fe11588\" data-element_type=\"column\">\n\t\t\t<div class=\"elementor-column-wrap elementor-element-populated\">\n\t\t\t\t\t\t\t<div class=\"elementor-widget-wrap\">\n\t\t\t\t\t\t<div class=\"elementor-element elementor-element-b1e25e1 elementor-widget-divider--view-line elementor-widget elementor-widget-divider\" data-id=\"b1e25e1\" data-element_type=\"widget\" data-widget_type=\"divider.default\">\n\t\t\t\t<div class=\"elementor-widget-container\">\n\t\t\t\t\t<div class=\"elementor-divider\">\n\t\t\t<span class=\"elementor-divider-separator\">\n\t\t\t\t\t\t<\/span>\n\t\t<\/div>\n\t\t\t\t<\/div>\n\t\t\t\t<\/div>\n\t\t\t\t<div class=\"elementor-element elementor-element-a0179a9 elementor-widget elementor-widget-text-editor\" data-id=\"a0179a9\" data-element_type=\"widget\" data-widget_type=\"text-editor.default\">\n\t\t\t\t<div class=\"elementor-widget-container\">\n\t\t\t\t\t\t\t\t<div class=\"elementor-text-editor elementor-clearfix\">\n\t\t\t\t<h6 style=\"text-align: center;\"><em>&#8220;Merci Jean-Michel pour cet accompagnement de qualit\u00e9, op\u00e9rationnel, avec beaucoup de bienveillance et d&#8217;intelligence. Bravo pour ta simplicit\u00e9 !&#8221;<\/em><br \/>Denis, 53 ans, Responsable d&#8217;activit\u00e9s ESS (Grenoble &#8211; 2021)<\/h6>\t\t\t\t\t<\/div>\n\t\t\t\t\t\t<\/div>\n\t\t\t\t<\/div>\n\t\t\t\t\t\t<\/div>\n\t\t\t\t\t<\/div>\n\t\t<\/div>\n\t\t\t\t\t\t\t\t<\/div>\n\t\t\t\t\t<\/div>\n\t\t<\/section>\n\t\t\t\t<section class=\"elementor-section elementor-top-section elementor-element elementor-element-f0e6260 elementor-section-boxed elementor-section-height-default elementor-section-height-default\" data-id=\"f0e6260\" data-element_type=\"section\">\n\t\t\t\t\t\t<div class=\"elementor-container elementor-column-gap-default\">\n\t\t\t\t\t\t\t<div class=\"elementor-row\">\n\t\t\t\t\t<div class=\"elementor-column elementor-col-100 elementor-top-column elementor-element elementor-element-43ea714\" data-id=\"43ea714\" data-element_type=\"column\">\n\t\t\t<div class=\"elementor-column-wrap elementor-element-populated\">\n\t\t\t\t\t\t\t<div class=\"elementor-widget-wrap\">\n\t\t\t\t\t\t<div class=\"elementor-element elementor-element-3d6706c elementor-widget elementor-widget-text-editor\" data-id=\"3d6706c\" data-element_type=\"widget\" data-widget_type=\"text-editor.default\">\n\t\t\t\t<div class=\"elementor-widget-container\">\n\t\t\t\t\t\t\t\t<div class=\"elementor-text-editor elementor-clearfix\">\n\t\t\t\t<h6><em>&#8220;Je tiens \u00e0 mettre en avant votre empathie et votre g\u00e9n\u00e9rosit\u00e9 dans vos partages d&#8217;exp\u00e9rience, surtout votre partage d&#8217;humanit\u00e9.<\/em>\n<em>Vous m&#8217;avez montr\u00e9 (prouv\u00e9) que j&#8217;avais toutes les qualit\u00e9s n\u00e9cessaires pour avancer en toute l\u00e9gitimit\u00e9.\n<\/em>J&#8217;ai \u00e9galement fait le point sur mes forces et mon fonctionnement intellectuel, une excellente fa\u00e7on pour moi de mettre des mots concrets sur des ressentis abstraits. <em>M\u00eame durant le confinement vos partages ont continu\u00e9s de raisonner en moi et j&#8217;ai pu grandir gr\u00e2ce \u00e0 vos conseils de lectures. Je me sens pr\u00eate et apte \u00e0 changer. Merci !&#8221; <\/em>Elise, 40 ans, Project Manager IT (Grenoble &#8211; 2020)<\/h6>\t\t\t\t\t<\/div>\n\t\t\t\t\t\t<\/div>\n\t\t\t\t<\/div>\n\t\t\t\t\t\t<\/div>\n\t\t\t\t\t<\/div>\n\t\t<\/div>\n\t\t\t\t\t\t\t\t<\/div>\n\t\t\t\t\t<\/div>\n\t\t<\/section>\n\t\t\t\t<section class=\"elementor-section elementor-top-section elementor-element elementor-element-bc8981f elementor-section-boxed elementor-section-height-default elementor-section-height-default\" data-id=\"bc8981f\" data-element_type=\"section\">\n\t\t\t\t\t\t<div class=\"elementor-container elementor-column-gap-default\">\n\t\t\t\t\t\t\t<div class=\"elementor-row\">\n\t\t\t\t\t<div class=\"elementor-column elementor-col-100 elementor-top-column elementor-element elementor-element-ff6bca6\" data-id=\"ff6bca6\" data-element_type=\"column\">\n\t\t\t<div class=\"elementor-column-wrap elementor-element-populated\">\n\t\t\t\t\t\t\t<div class=\"elementor-widget-wrap\">\n\t\t\t\t\t\t<div class=\"elementor-element elementor-element-4279b45 elementor-widget elementor-widget-text-editor\" data-id=\"4279b45\" data-element_type=\"widget\" data-widget_type=\"text-editor.default\">\n\t\t\t\t<div class=\"elementor-widget-container\">\n\t\t\t\t\t\t\t\t<div class=\"elementor-text-editor elementor-clearfix\">\n\t\t\t\t<h6>&#8220;<em>Apr\u00e8s un licenciement pour liquidation d&#8217;entreprise et une formation Bac+5 d&#8217;un an en RH, Jean-Michel m&#8217;a permis de prendre conscience<\/em><br \/><em>que je faisais une erreur d&#8217;orientation professionnelle.\u00a0Gr\u00e2ce \u00e0 nos \u00e9changes, ses outils adapt\u00e9s \u00e0 la d\u00e9couverte de soi et ses questionnements,<\/em><br \/><em>j&#8217;ai arr\u00eat\u00e9 d&#8217;aller vers un m\u00e9tier alimentaire pour m&#8217;envoler vers mon m\u00e9tier de c\u0153ur. Merci JMP pour ton professionnalisme, ta disponibilit\u00e9 et ta bienveillance.&#8221;<\/em><br \/>Nathalie, 51 ans, Resp. Admin. &amp; RH (Grenoble &#8211; 2020)<\/h6>\t\t\t\t\t<\/div>\n\t\t\t\t\t\t<\/div>\n\t\t\t\t<\/div>\n\t\t\t\t\t\t<\/div>\n\t\t\t\t\t<\/div>\n\t\t<\/div>\n\t\t\t\t\t\t\t\t<\/div>\n\t\t\t\t\t<\/div>\n\t\t<\/section>\n\t\t\t\t<section class=\"elementor-section elementor-top-section elementor-element elementor-element-ff209b0 elementor-section-boxed elementor-section-height-default elementor-section-height-default\" data-id=\"ff209b0\" data-element_type=\"section\">\n\t\t\t\t\t\t<div class=\"elementor-container elementor-column-gap-default\">\n\t\t\t\t\t\t\t<div class=\"elementor-row\">\n\t\t\t\t\t<div class=\"elementor-column elementor-col-100 elementor-top-column elementor-element elementor-element-13782cb\" data-id=\"13782cb\" data-element_type=\"column\">\n\t\t\t<div class=\"elementor-column-wrap elementor-element-populated\">\n\t\t\t\t\t\t\t<div class=\"elementor-widget-wrap\">\n\t\t\t\t\t\t<div class=\"elementor-element elementor-element-6f7d7f1 elementor-widget elementor-widget-text-editor\" data-id=\"6f7d7f1\" data-element_type=\"widget\" data-widget_type=\"text-editor.default\">\n\t\t\t\t<div class=\"elementor-widget-container\">\n\t\t\t\t\t\t\t\t<div class=\"elementor-text-editor elementor-clearfix\">\n\t\t\t\t<h6><em>&#8220;Quelques mots Jean-Michel sur ton accompagnement ; en te confiant la mission de mon changement, j&#8217;ai beaucoup appris sur le d\u00e9veloppement personnel.<\/em><br \/><em>En retra\u00e7ant mon pass\u00e9 pro et perso, \u00e7a m&#8217;a aid\u00e9 \u00e0 me poser les bonnes questions, pour me red\u00e9couvrir et enfin retrouver un fil conducteur \u00e0 ma vie professionnelle.<\/em><br \/><em>Aujourd&#8217;hui j&#8217;ai plaisir \u00e0 travailler sur mon projet de cr\u00e9ation d&#8217;activit\u00e9. J&#8217;ai appr\u00e9ci\u00e9 ta sinc\u00e9rit\u00e9, ta bonne humeur, et ton peps. Merci pour tes bons conseils !&#8221;<\/em><br \/>Christiane, 51 ans, Assistante ADV (Grenoble &#8211; 2018)<\/h6>\t\t\t\t\t<\/div>\n\t\t\t\t\t\t<\/div>\n\t\t\t\t<\/div>\n\t\t\t\t\t\t<\/div>\n\t\t\t\t\t<\/div>\n\t\t<\/div>\n\t\t\t\t\t\t\t\t<\/div>\n\t\t\t\t\t<\/div>\n\t\t<\/section>\n\t\t\t\t<section class=\"elementor-section elementor-top-section elementor-element elementor-element-6bdad67b elementor-section-stretched elementor-section-boxed elementor-section-height-default elementor-section-height-default\" data-id=\"6bdad67b\" data-element_type=\"section\" data-settings=\"{&quot;stretch_section&quot;:&quot;section-stretched&quot;,&quot;background_background&quot;:&quot;classic&quot;}\">\n\t\t\t\t\t\t<div class=\"elementor-container elementor-column-gap-default\">\n\t\t\t\t\t\t\t<div class=\"elementor-row\">\n\t\t\t\t\t<div class=\"elementor-column elementor-col-100 elementor-top-column elementor-element elementor-element-2ffa0939\" data-id=\"2ffa0939\" data-element_type=\"column\">\n\t\t\t<div class=\"elementor-column-wrap elementor-element-populated\">\n\t\t\t\t\t\t\t<div class=\"elementor-widget-wrap\">\n\t\t\t\t\t\t<div class=\"elementor-element elementor-element-dc2b40c elementor-widget elementor-widget-text-editor\" data-id=\"dc2b40c\" data-element_type=\"widget\" data-widget_type=\"text-editor.default\">\n\t\t\t\t<div class=\"elementor-widget-container\">\n\t\t\t\t\t\t\t\t<div class=\"elementor-text-editor elementor-clearfix\">\n\t\t\t\t<section class=\"elementor-section elementor-top-section elementor-element elementor-element-40021c6 elementor-section-content-middle elementor-section-boxed elementor-section-height-default elementor-section-height-default\" data-id=\"40021c6\" data-element_type=\"section\"><div class=\"elementor-container elementor-column-gap-default\"><div class=\"elementor-row\"><div class=\"elementor-column elementor-col-100 elementor-top-column elementor-element elementor-element-10d5ab7\" data-id=\"10d5ab7\" data-element_type=\"column\"><div class=\"elementor-column-wrap elementor-element-populated\"><div class=\"elementor-widget-wrap\"><div class=\"elementor-element elementor-element-d8a0011 elementor-widget elementor-widget-text-editor\" data-id=\"d8a0011\" data-element_type=\"widget\" data-widget_type=\"text-editor.default\"><div class=\"elementor-widget-container\"><div class=\"elementor-text-editor elementor-clearfix\"><h6 style=\"text-align: center;\"><em>\u201cJ\u2019ai appr\u00e9ci\u00e9 notre coop\u00e9ration parce qu\u2019il s\u2019agit d\u2019un accompagnement personnalis\u00e9 qui s\u2019adapte \u00e0 mes besoins \u00e0 un moment pr\u00e9cis de mon parcours.<span>\u00a0<\/span><\/em><em>J\u2019ai d\u00e9couvert des m\u00e9thodes professionnelles qui m\u2019ont aid\u00e9 \u00e0 red\u00e9finir mon profil de fa\u00e7on pertinente et naturelle. Votre \u00e9coute et votre empathie Jean-Michel vous ont permis de me transmettre une fa\u00e7on moderne d\u2019appr\u00e9hender un changement majeur dans ma carri\u00e8re.\u201d<\/em><span>\u00a0<\/span>Lynda, 49 ans, Directrice de Centre, Outplacement 6 mois (Chamb\u00e9ry \u2013 2022)<\/h6><h6 style=\"text-align: center;\"><em>\u201cCher Jean-Michel, \u00e0 mon tour de te souhaiter une belle et heureuse ann\u00e9e 2022, mais en ski de randonn\u00e9e depuis La Chartreuse ! Merci pour ton accompagnement \u00e0 la fois professionnel et fraternel, toute cette ann\u00e9e pour mon projet de cr\u00e9ation d\u2019entreprise.\u201d\u00a0<\/em>J-Romain, 55 ans, Directeur r\u00e9gional, Outplacement 12 mois (Grenoble \u2013 2021)<\/h6><\/div><\/div><\/div><\/div><\/div><\/div><\/div><\/div><\/section><section class=\"elementor-section elementor-top-section elementor-element elementor-element-6580924 elementor-section-boxed elementor-section-height-default elementor-section-height-default\" data-id=\"6580924\" data-element_type=\"section\"><div class=\"elementor-container elementor-column-gap-default\"><div class=\"elementor-row\"><div class=\"elementor-column elementor-col-100 elementor-top-column elementor-element elementor-element-2172ea7\" data-id=\"2172ea7\" data-element_type=\"column\"><div class=\"elementor-column-wrap elementor-element-populated\"><div class=\"elementor-widget-wrap\"><div class=\"elementor-element elementor-element-a9705bd elementor-widget elementor-widget-text-editor\" data-id=\"a9705bd\" data-element_type=\"widget\" data-widget_type=\"text-editor.default\"><div class=\"elementor-widget-container\"><div class=\"elementor-text-editor elementor-clearfix\"><h6 style=\"text-align: center;\"><em>\u201cMon premier contact avec Jean-Michel a \u00e9t\u00e9 celui d\u2019un lien de confiance qui s\u2019est tout de suite \u00e9tabli. Jean-Michel construit une solide relation humaine<span>\u00a0<\/span><\/em><em>qui m\u2019a amen\u00e9 avec bienveillance \u00e0 comprendre mes forces, mes faiblesses, et ainsi me guider vers la bonne recherche adapt\u00e9e. Licenci\u00e9 \u00e0 52 ans,<span>\u00a0<\/span><\/em><em>pendant 20 ans dans une m\u00eame grande entreprise, n\u2019ayant jamais \u00e9t\u00e9 en recherche, Jean-Michel m\u2019a permis de d\u00e9velopper mon r\u00e9seau,<span>\u00a0<\/span><\/em><em>me connecter aux bonnes personnes, me faire conna\u00eetre, me soutenir et m\u2019encourager, avoir confiance en moi et appr\u00e9hender les bons outils<span>\u00a0<\/span><\/em><em>d\u2019aujourd\u2019hui pour retrouver le job qui me convient, ceci en 2020 en pleine p\u00e9riode de crise. Merci \u00e0 toi JMP\u201d<span>\u00a0<\/span><\/em>Jean, 53 ans, Senior IT Manager, Outplacement 12 mois (Grenoble \u2013 2020)<\/h6><\/div><\/div><\/div><\/div><\/div><\/div><\/div><\/div><\/section><section class=\"elementor-section elementor-top-section elementor-element elementor-element-f367af2 elementor-section-boxed elementor-section-height-default elementor-section-height-default\" data-id=\"f367af2\" data-element_type=\"section\"><div class=\"elementor-container elementor-column-gap-default\"><div class=\"elementor-row\"><div class=\"elementor-column elementor-col-100 elementor-top-column elementor-element elementor-element-d414fa5\" data-id=\"d414fa5\" data-element_type=\"column\"><div class=\"elementor-column-wrap elementor-element-populated\"><div class=\"elementor-widget-wrap\"><div class=\"elementor-element elementor-element-7535a2a elementor-widget elementor-widget-text-editor\" data-id=\"7535a2a\" data-element_type=\"widget\" data-widget_type=\"text-editor.default\"><div class=\"elementor-widget-container\"><div class=\"elementor-text-editor elementor-clearfix\"><h6 style=\"text-align: center;\"><em>\u201cJean-Michel met l\u2019humain et le ressenti au c\u0153ur de la d\u00e9marche et \u00e7a fait une vrai diff\u00e9rence. On n\u2019est pas, d\u00e8s le deuxi\u00e8me rendez-vous, en train de cocher des comp\u00e9tences et d\u00e9finir son projet professionnel (comme \u00e7a \u00e9t\u00e9 mon cas avec l\u2019accompagnement mandat\u00e9 par P\u00f4le Emploi). Il prend le temps et nous donne des outils pour se d\u00e9couvrir. Travailler sur son \u00eatre profond, ce qui nous fait vibrer, quel pied ! Ah, les verbes qui r\u00e9sonnent\u2026 \ud83d\ude09<span>\u00a0<\/span><\/em><em>Ensuite seulement on s\u2019affirme, on planifie, on concr\u00e9tise et Jean-Michel est encore l\u00e0 pour nous guider vers des interlocuteurs privil\u00e9gi\u00e9s de son r\u00e9seau. En un mot : MERCI JMP !\u201d<\/em><em><span>\u00a0<\/span><\/em>Tanguy, 33 ans, Consultant en syst\u00e8me d\u2019information (Lyon \u2013 2017)<\/h6><\/div><\/div><\/div><\/div><\/div><\/div><\/div><\/div><\/section>\t\t\t\t\t<\/div>\n\t\t\t\t\t\t<\/div>\n\t\t\t\t<\/div>\n\t\t\t\t\t\t<\/div>\n\t\t\t\t\t<\/div>\n\t\t<\/div>\n\t\t\t\t\t\t\t\t<\/div>\n\t\t\t\t\t<\/div>\n\t\t<\/section>\n\t\t\t\t<section class=\"elementor-section elementor-top-section elementor-element elementor-element-ccb1c99 elementor-section-boxed elementor-section-height-default elementor-section-height-default\" data-id=\"ccb1c99\" data-element_type=\"section\">\n\t\t\t\t\t\t<div class=\"elementor-container elementor-column-gap-default\">\n\t\t\t\t\t\t\t<div class=\"elementor-row\">\n\t\t\t\t\t<div class=\"elementor-column elementor-col-100 elementor-top-column elementor-element elementor-element-9be5739\" data-id=\"9be5739\" data-element_type=\"column\">\n\t\t\t<div class=\"elementor-column-wrap elementor-element-populated\">\n\t\t\t\t\t\t\t<div class=\"elementor-widget-wrap\">\n\t\t\t\t\t\t<div class=\"elementor-element elementor-element-61f3106 elementor-widget elementor-widget-text-editor\" data-id=\"61f3106\" data-element_type=\"widget\" data-widget_type=\"text-editor.default\">\n\t\t\t\t<div class=\"elementor-widget-container\">\n\t\t\t\t\t\t\t\t<div class=\"elementor-text-editor elementor-clearfix\">\n\t\t\t\t<h6 style=\"text-align: center;\"><em>&#8220;L&#8217;animation pendant 4 mois de deux parcours de formation \u00e0 la CNV (Communication Non Violente) par Jean-Michel PONCET du Cabinet AdC, a permis \u00e0 des Cadres de Sant\u00e9 et certains de nos Agents de d\u00e9velopper leur assertivit\u00e9 en prenant avant tout conscience de leur mode de communication. Puis, ils ont pu se mettre \u00e0 l\u2019\u00e9coute de leurs ressentis, savoir les exprimer, d\u00e9velopper l&#8217;auto-empathie pour cerner leurs besoins et ainsi s\u2019affirmer en formulant des demandes claires et sans exigence. Ces professionnels ont \u00e9t\u00e9 amen\u00e9s \u00e0 se d\u00e9caler de leurs attitudes naturelles, \u00e0 d\u00e9passer leurs freins. Merci Jean-Michel pour ton apport et ta bienveillance.&#8221; <\/em>Christelle, Cadre Sup\u00e9rieure de sant\u00e9 CHUGA (sept.\/d\u00e9c. 2021)<\/h6><h6 style=\"text-align: center;\"><em>&#8220;Jean-Michel est un professionnel de tr\u00e8s grande qualit\u00e9, d&#8217;une bienveillance peu commune. <\/em><em><br \/>C&#8217;est un merveilleux accompagnant pour les personnes en qu\u00eate de changement, pour atteindre vos objectifs professionnels et personnels. Merci JMP pour ton \u00e9coute patiente !&#8221; <\/em>Marie, 35 ans, Chef d&#8217;entreprise (Grenoble &#8211; 2021)<\/h6><h6 style=\"text-align: center;\"><em>&#8220;J&#8217;ai eu l&#8217;occasion de travailler \u00e0 plusieurs reprises sur divers ateliers avec Jean-Michel.\u00a0J&#8217;ai toujours appr\u00e9ci\u00e9 son sens de l&#8217;\u00e9coute qui,<\/em><br \/><em>conjugu\u00e9 avec un tr\u00e8s grand professionnalisme d&#8217;accompagnement, vous permet de trouver un chemin de confiance et de soutien dans les moments<\/em><br \/><em>toujours un peu compliqu\u00e9s de la recherche d&#8217;emploi.\u00a0Son humour, son empathie et son respect de l&#8217;autre font de lui ind\u00e9niablement une personne<\/em><br \/><em>\u00e0 forte valeur humaine que l&#8217;on est content de conna\u00eetre.&#8221;<\/em> R\u00e9gis, 50 ans, Secr\u00e9taire G\u00e9n\u00e9ral institution scientifique (Grenoble &#8211; 2020)<\/h6><h6 style=\"text-align: center;\"><em>&#8220;Merci beaucoup Jean-Michel, et merci \u00e0 chacun pour nos \u00e9changes aujourd&#8217;hui, et notamment pour votre bienveillance.<\/em><br \/><em>J&#8217;ai pass\u00e9 une belle journ\u00e9e, et j&#8217;en suis ressortie avec une \u00e9nergie positive ! Belle route ; je serais ravie que nos chemins se re-croisent.&#8221;<\/em><br \/>Anne-Laure, 49 ans, Directrice Juridique Industrie (Grenoble &#8211; 2019)<\/h6>\t\t\t\t\t<\/div>\n\t\t\t\t\t\t<\/div>\n\t\t\t\t<\/div>\n\t\t\t\t\t\t<\/div>\n\t\t\t\t\t<\/div>\n\t\t<\/div>\n\t\t\t\t\t\t\t\t<\/div>\n\t\t\t\t\t<\/div>\n\t\t<\/section>\n\t\t\t\t<section class=\"elementor-section elementor-top-section elementor-element elementor-element-9f4dd1b elementor-section-boxed elementor-section-height-default elementor-section-height-default\" data-id=\"9f4dd1b\" data-element_type=\"section\">\n\t\t\t\t\t\t<div class=\"elementor-container elementor-column-gap-default\">\n\t\t\t\t\t\t\t<div class=\"elementor-row\">\n\t\t\t\t\t<div class=\"elementor-column elementor-col-100 elementor-top-column elementor-element elementor-element-377cdf9\" data-id=\"377cdf9\" data-element_type=\"column\">\n\t\t\t<div class=\"elementor-column-wrap elementor-element-populated\">\n\t\t\t\t\t\t\t<div class=\"elementor-widget-wrap\">\n\t\t\t\t\t\t<div class=\"elementor-element elementor-element-dff7bce elementor-widget elementor-widget-text-editor\" data-id=\"dff7bce\" data-element_type=\"widget\" data-widget_type=\"text-editor.default\">\n\t\t\t\t<div class=\"elementor-widget-container\">\n\t\t\t\t\t\t\t\t<div class=\"elementor-text-editor elementor-clearfix\">\n\t\t\t\t<h6 style=\"text-align: center;\"><strong><em>Tous mes v\u0153ux JMP pour cette nouvelle ann\u00e9e ! J\u2019ai v\u00e9cu en 2022 une exp\u00e9rience in\u00e9dite avec un coach tr\u00e8s professionnel. Vous m\u2019avez redonn\u00e9 tellement d\u2019espoir (\u2026) Je me suis senti \u00e9cout\u00e9e et respect\u00e9e. Encore mille mercis.\u201d<span>\u00a0<\/span><\/em>S. \u2013 Technicienne salle blanche (Grenoble)<\/strong><\/h6><h6 style=\"text-align: center;\"><strong><span><em>\u201cVous seul pouvez changer et changer votre vie, mais vous entourer des bonnes personnes vous fera gagner un t<\/em><em>emps consid\u00e9rable. Jean-Michel fait partie de ces personnes. Merci encore pour ton accompagnement JMP.\u201d\u00a0<\/em>Paul, 45 ans, Coaching projet personnel (Grenoble \u2013 2019)<\/span><\/strong><\/h6><h6 style=\"text-align: center;\"><strong><span><em>\u201cFi\u00e8re d\u2019avoir r\u00e9ussi \u00e0 prendre ce temps pour moi, aujourd\u2019hui je me sens \u00e0 l\u2019aise dans ma nouvelle posture.\u00a0<\/em><em>Ce coaching \u00e9tait une vraie opportunit\u00e9 pour moi. Les clefs pour la s\u00e9r\u00e9nit\u00e9, merci JMP !\u201d\u00a0<\/em>B\u00e9atrice, 47 ans, Coaching de prise de poste de Manager (Grenoble \u2013 2018)<\/span><\/strong><\/h6><h6 style=\"text-align: center;\"><strong><span><em>\u201cCapacit\u00e9 \u00e0 mieux appr\u00e9hender mon \u00e9quipe, pour l\u2019orienter vers la performance collective. Meilleure connaissance de soi pour plus d\u2019assertivit\u00e9.\u00a0<\/em><em>Cet accompagnement me permettra de garder le cap sur le fait d\u2019\u00eatre toujours bienveillant et exigeant pour toutes les parties prenantes.\u00a0<\/em><em>Je craignais un travail trop th\u00e9orique. Ce coaching a \u00e9t\u00e9 pragmatique.\u201d\u00a0\u00a0<\/em>Walter, 40 ans, Coaching managerial (Grenoble \u2013 2017)<\/span><\/strong><\/h6>\t\t\t\t\t<\/div>\n\t\t\t\t\t\t<\/div>\n\t\t\t\t<\/div>\n\t\t\t\t\t\t<\/div>\n\t\t\t\t\t<\/div>\n\t\t<\/div>\n\t\t\t\t\t\t\t\t<\/div>\n\t\t\t\t\t<\/div>\n\t\t<\/section>\n\t\t\t\t<section class=\"elementor-section elementor-top-section elementor-element elementor-element-3505e12 elementor-section-boxed elementor-section-height-default elementor-section-height-default\" data-id=\"3505e12\" data-element_type=\"section\">\n\t\t\t\t\t\t<div class=\"elementor-container elementor-column-gap-default\">\n\t\t\t\t\t\t\t<div class=\"elementor-row\">\n\t\t\t\t\t<div class=\"elementor-column elementor-col-100 elementor-top-column elementor-element elementor-element-a483c07\" data-id=\"a483c07\" data-element_type=\"column\">\n\t\t\t<div class=\"elementor-column-wrap elementor-element-populated\">\n\t\t\t\t\t\t\t<div class=\"elementor-widget-wrap\">\n\t\t\t\t\t\t<div class=\"elementor-element elementor-element-add2528 elementor-widget elementor-widget-image\" data-id=\"add2528\" data-element_type=\"widget\" data-widget_type=\"image.default\">\n\t\t\t\t<div class=\"elementor-widget-container\">\n\t\t\t\t\t\t\t\t<div class=\"elementor-image\">\n\t\t\t\t\t\t\t\t\t\t\t\t<img decoding=\"async\" width=\"546\" height=\"151\" src=\"https:\/\/jmponcet.fr\/wp-content\/uploads\/2025\/02\/Logo-ID.jpeg\" class=\"attachment-medium_large size-medium_large\" alt=\"\" srcset=\"https:\/\/jmponcet.fr\/wp-content\/uploads\/2025\/02\/Logo-ID.jpeg 546w, https:\/\/jmponcet.fr\/wp-content\/uploads\/2025\/02\/Logo-ID-300x83.jpeg 300w, https:\/\/jmponcet.fr\/wp-content\/uploads\/2025\/02\/Logo-ID-500x138.jpeg 500w\" sizes=\"(max-width: 546px) 100vw, 546px\" \/>\t\t\t\t\t\t\t\t\t\t\t\t\t\t<\/div>\n\t\t\t\t\t\t<\/div>\n\t\t\t\t<\/div>\n\t\t\t\t\t\t<\/div>\n\t\t\t\t\t<\/div>\n\t\t<\/div>\n\t\t\t\t\t\t\t\t<\/div>\n\t\t\t\t\t<\/div>\n\t\t<\/section>\n\t\t\t\t\t\t<\/div>\n\t\t\t\t\t\t<\/div>\n\t\t\t\t\t<\/div>\n\t\t","protected":false},"excerpt":{"rendered":"<p>Quelques mots \u00e0 propos&#8230; My motto : &#8220;L\u2019homme est grand, non par ses buts, mais par ses transitions.&#8221; (Ralph Waldo Emerson) Sept pr\u00e9occupations cohabitent dans ma vie aujourd&#8217;hui : la lecture et l&#8217;\u00e9criture, la musique et le chant, l\u2019accompagnement du deuil (sous plusieurs formes),la moto (et le road-trip), le sport [&hellip;]<\/p>\n","protected":false},"author":46,"featured_media":0,"parent":0,"menu_order":0,"comment_status":"closed","ping_status":"closed","template":"templates\/builder-fullwidth-std.php","meta":{"_acf_changed":false,"footnotes":""},"class_list":["post-1610","page","type-page","status-publish","hentry"],"acf":[],"aioseo_notices":[],"_links":{"self":[{"href":"https:\/\/jmponcet.fr\/nov-apijson\/wp\/v2\/pages\/1610","targetHints":{"allow":["GET"]}}],"collection":[{"href":"https:\/\/jmponcet.fr\/nov-apijson\/wp\/v2\/pages"}],"about":[{"href":"https:\/\/jmponcet.fr\/nov-apijson\/wp\/v2\/types\/page"}],"author":[{"embeddable":true,"href":"https:\/\/jmponcet.fr\/nov-apijson\/wp\/v2\/users\/46"}],"replies":[{"embeddable":true,"href":"https:\/\/jmponcet.fr\/nov-apijson\/wp\/v2\/comments?post=1610"}],"version-history":[{"count":418,"href":"https:\/\/jmponcet.fr\/nov-apijson\/wp\/v2\/pages\/1610\/revisions"}],"predecessor-version":[{"id":9125,"href":"https:\/\/jmponcet.fr\/nov-apijson\/wp\/v2\/pages\/1610\/revisions\/9125"}],"wp:attachment":[{"href":"https:\/\/jmponcet.fr\/nov-apijson\/wp\/v2\/media?parent=1610"}],"curies":[{"name":"wp","href":"https:\/\/api.w.org\/{rel}","templated":true}]}}